{"id":160,"date":"2025-04-28T08:37:52","date_gmt":"2025-04-28T06:37:52","guid":{"rendered":"https:\/\/mandarabeach.harko.fr\/?page_id=160"},"modified":"2025-06-06T16:58:17","modified_gmt":"2025-06-06T14:58:17","slug":"nos-appartements","status":"publish","type":"page","link":"https:\/\/mandarabeach.com\/fr\/nos-appartements\/","title":{"rendered":"Nos Appartements"},"content":{"rendered":"<p><div class=\"fusion-fullwidth fullwidth-box fusion-builder-row-1 fusion-flex-container has-pattern-background has-mask-background nonhundred-percent-fullwidth non-hundred-percent-height-scrolling\" style=\"--awb-border-radius-top-left:0px;--awb-border-radius-top-right:0px;--awb-border-radius-bottom-right:0px;--awb-border-radius-bottom-left:0px;--awb-padding-top:80px;--awb-padding-right:0px;--awb-padding-bottom:20px;--awb-padding-left:0px;--awb-padding-top-small:50px;--awb-padding-right-small:20px;--awb-padding-bottom-small:50px;--awb-padding-left-small:20px;--awb-flex-wrap:wrap;\" ><div class=\"fusion-builder-row fusion-row fusion-flex-align-items-center fusion-flex-content-wrap\" style=\"max-width:1248px;margin-left: calc(-4% \/ 2 );margin-right: calc(-4% \/ 2 );\"><div class=\"fusion-layout-column fusion_builder_column fusion-builder-column-0 fusion_builder_column_1_2 1_2 fusion-flex-column fusion-flex-align-self-flex-start\" style=\"--awb-bg-size:cover;--awb-width-large:50%;--awb-margin-top-large:0px;--awb-spacing-right-large:3.84%;--awb-margin-bottom-large:0px;--awb-spacing-left-large:3.84%;--awb-width-medium:50%;--awb-order-medium:0;--awb-spacing-right-medium:3.84%;--awb-spacing-left-medium:3.84%;--awb-width-small:100%;--awb-order-small:0;--awb-spacing-right-small:1.92%;--awb-spacing-left-small:1.92%;\"><div class=\"fusion-column-wrapper fusion-column-has-shadow fusion-flex-justify-content-flex-start fusion-content-layout-column\"><div class=\"fusion-title title fusion-title-1 fusion-sep-none fusion-title-text fusion-title-size-two\" style=\"--awb-margin-top:0px;--awb-margin-right:0px;--awb-margin-left:0px;--awb-margin-top-small:0px;--awb-margin-right-small:0px;--awb-margin-bottom-small:20px;--awb-margin-left-small:0px;--awb-font-size:45px;\"><h2 class=\"fusion-title-heading title-heading-left sm-text-align-center\" style=\"font-family:var(--awb-typography1-font-family);font-weight:var(--awb-typography1-font-weight);font-style:var(--awb-typography1-font-style);margin:0;font-size:1em;line-height:1.5;\">Le charme azur\u00e9en \u00e0 votre port\u00e9e. S\u00e9journez comme chez vous.<\/h2><\/div><\/div><\/div><div class=\"fusion-layout-column fusion_builder_column fusion-builder-column-1 fusion_builder_column_1_2 1_2 fusion-flex-column\" style=\"--awb-bg-size:cover;--awb-width-large:50%;--awb-margin-top-large:0px;--awb-spacing-right-large:0px;--awb-margin-bottom-large:0px;--awb-spacing-left-large:3.84%;--awb-width-medium:50%;--awb-order-medium:0;--awb-spacing-right-medium:0px;--awb-spacing-left-medium:3.84%;--awb-width-small:100%;--awb-order-small:0;--awb-spacing-right-small:1.92%;--awb-spacing-left-small:1.92%;\"><div class=\"fusion-column-wrapper fusion-column-has-shadow fusion-flex-justify-content-flex-start fusion-content-layout-column\"><div class=\"fusion-text fusion-text-1 sm-text-align-center\" style=\"--awb-font-size:var(--awb-typography4-font-size);--awb-line-height:var(--awb-typography4-line-height);--awb-letter-spacing:var(--awb-typography4-letter-spacing);--awb-text-transform:var(--awb-typography4-text-transform);--awb-text-font-family:var(--awb-typography4-font-family);--awb-text-font-weight:var(--awb-typography4-font-weight);--awb-text-font-style:var(--awb-typography4-font-style);\"><p>Mandara Beach vous accueille dans des appartements tout \u00e9quip\u00e9s \u00e0 Juan-les-Pins, parfaits pour des vacances relaxantes. Plages, commerces, restaurants et animations sont accessibles \u00e0 pied. Profitez du soleil, du confort et de l\u2019ambiance m\u00e9diterran\u00e9enne dans un lieu pens\u00e9 pour vous ressourcer.<\/p>\n<\/div><\/div><\/div><\/div><\/div><div class=\"fusion-fullwidth fullwidth-box fusion-builder-row-2 fusion-flex-container has-pattern-background has-mask-background nonhundred-percent-fullwidth non-hundred-percent-height-scrolling\" style=\"--awb-border-radius-top-left:0px;--awb-border-radius-top-right:0px;--awb-border-radius-bottom-right:0px;--awb-border-radius-bottom-left:0px;--awb-padding-top:20px;--awb-padding-bottom:80px;--awb-flex-wrap:wrap;\" ><div class=\"fusion-builder-row fusion-row fusion-flex-align-items-flex-start fusion-flex-content-wrap\" style=\"max-width:1248px;margin-left: calc(-4% \/ 2 );margin-right: calc(-4% \/ 2 );\"><div class=\"fusion-layout-column fusion_builder_column fusion-builder-column-2 fusion_builder_column_1_1 1_1 fusion-flex-column\" style=\"--awb-bg-size:cover;--awb-width-large:100%;--awb-margin-top-large:0px;--awb-spacing-right-large:1.92%;--awb-margin-bottom-large:20px;--awb-spacing-left-large:1.92%;--awb-width-medium:100%;--awb-order-medium:0;--awb-spacing-right-medium:1.92%;--awb-spacing-left-medium:1.92%;--awb-width-small:100%;--awb-order-small:0;--awb-spacing-right-small:1.92%;--awb-spacing-left-small:1.92%;\" data-scroll-devices=\"small-visibility,medium-visibility,large-visibility\"><div class=\"fusion-column-wrapper fusion-column-has-shadow fusion-flex-justify-content-flex-start fusion-content-layout-column\"><style type=\"text\/css\">.fusion-portfolio-wrapper#fusion-portfolio-1 .fusion-portfolio-content{ padding: 25px 25px 25px 25px; text-align: left; }<\/style><div class=\"fusion-recent-works fusion-portfolio-element fusion-portfolio fusion-portfolio-1 fusion-portfolio-grid fusion-portfolio-paging-infinite fusion-portfolio-two fusion-portfolio-boxed fusion-portfolio-text fusion-portfolio-equal-heights fusion-portfolio-rollover section-portfolio\" data-id=\"-rw-1\" data-columns=\"two\"><div><ul class=\"fusion-filters\" role=\"menu\" aria-label=\"Portfolio Filters\"><li role=\"presentation\" class=\"fusion-filter fusion-filter-all fusion-active\"><a href=\"#\" data-filter=\"*\" role=\"menuitem\">Tous<\/a><\/li><li role=\"presentation\" class=\"fusion-filter fusion-hidden\"><a href=\"#\" data-filter=\".location-2-pieces\" role=\"menuitem\">Location 2 pi\u00e8ces<\/a><\/li><li role=\"presentation\" class=\"fusion-filter fusion-hidden\"><a href=\"#\" data-filter=\".location-studio\" role=\"menuitem\">Location studio<\/a><\/li><li role=\"presentation\" class=\"fusion-filter fusion-hidden\"><a href=\"#\" data-filter=\".locations-3-pieces\" role=\"menuitem\">Locations 3 pi\u00e8ces<\/a><\/li><\/ul><\/div><style type=\"text\/css\">.fusion-portfolio-1 .fusion-portfolio-wrapper .fusion-col-spacing{padding:15px;}<\/style><div class=\"fusion-portfolio-wrapper\" id=\"fusion-portfolio-1\" data-picturesize=\"auto\" data-pages=\"1\" style=\"margin:-15px;\"><article id=\"portfolio-1-post-2276\" class=\"fusion-portfolio-post location-antibes location-appartement locations-3-pieces fusion-col-spacing post-2276\"><div class=\"fusion-portfolio-content-wrapper\" style=\"border:1px solid var(--awb-color2);border-bottom-width:3px;background-color:rgba(255,255,255,0);\"><span class=\"vcard rich-snippet-hidden\"><span class=\"fn\"><a href=\"https:\/\/mandarabeach.com\/fr\/author\/mandara-beach\/\" title=\"Articles par Mandara Beach\" rel=\"author\">Mandara Beach<\/a><\/span><\/span><span class=\"updated rich-snippet-hidden\">2025-12-09T10:21:25+01:00<\/span><div  class=\"fusion-image-wrapper\" aria-haspopup=\"true\">\n\t\t\t\t<img decoding=\"async\" width=\"1024\" height=\"768\" src=\"https:\/\/mandarabeach.com\/wp-content\/uploads\/2025\/11\/Fare-de-La-Vahine-salon.jpeg\" class=\"attachment-full size-full wp-post-image\" alt=\"\" srcset=\"https:\/\/mandarabeach.com\/wp-content\/uploads\/2025\/11\/Fare-de-La-Vahine-salon-200x150.jpeg 200w, https:\/\/mandarabeach.com\/wp-content\/uploads\/2025\/11\/Fare-de-La-Vahine-salon-400x300.jpeg 400w, https:\/\/mandarabeach.com\/wp-content\/uploads\/2025\/11\/Fare-de-La-Vahine-salon-600x450.jpeg 600w, https:\/\/mandarabeach.com\/wp-content\/uploads\/2025\/11\/Fare-de-La-Vahine-salon-800x600.jpeg 800w, https:\/\/mandarabeach.com\/wp-content\/uploads\/2025\/11\/Fare-de-La-Vahine-salon.jpeg 1024w\" sizes=\"(min-width: 2200px) 100vw, (min-width: 712px) 585px, (min-width: 640px) 712px, \" \/><div class=\"fusion-rollover\">\n\t<div class=\"fusion-rollover-content\">\n\n\t\t\t\t\t\t\t\t\t\t\t\t\t\t<a class=\"fusion-rollover-link\" href=\"https:\/\/mandarabeach.com\/fr\/location-appartement\/fare-de-la-vahine\/\">Far\u00e9 de La Vahin\u00e9<\/a>\n\t\t\t\n\t\t\t\t\t\t\t\t\n\t\t\n\t\t\t\t\t\t\t\t\t\t\t\t<h4 class=\"fusion-rollover-title\">\n\t\t\t\t\t<a class=\"fusion-rollover-title-link\" href=\"https:\/\/mandarabeach.com\/fr\/location-appartement\/fare-de-la-vahine\/\">\n\t\t\t\t\t\tFar\u00e9 de La Vahin\u00e9\t\t\t\t\t<\/a>\n\t\t\t\t<\/h4>\n\t\t\t\n\t\t\t\t\t\t\t\t\t\t<div class=\"fusion-rollover-categories\"><a href=\"https:\/\/mandarabeach.com\/fr\/portfolio_cat\u00e9gories\/location-antibes\/\" rel=\"tag\">Location Antibes<\/a>, <a href=\"https:\/\/mandarabeach.com\/fr\/portfolio_cat\u00e9gories\/location-appartement\/\" rel=\"tag\">Location appartement<\/a>, <a href=\"https:\/\/mandarabeach.com\/fr\/portfolio_cat\u00e9gories\/locations-3-pieces\/\" rel=\"tag\">Locations 3 pi\u00e8ces<\/a><\/div>\t\t\t\t\t\n\t\t\n\t\t\t\t\t\t<a class=\"fusion-link-wrapper\" href=\"https:\/\/mandarabeach.com\/fr\/location-appartement\/fare-de-la-vahine\/\" aria-label=\"Far\u00e9 de La Vahin\u00e9\"><\/a>\n\t<\/div>\n<\/div>\n<\/div>\n<div class=\"fusion-portfolio-content\" style=\"background-color:rgba(255,255,255,0);\"><h2 class=\"entry-title fusion-post-title\"><a href=\"https:\/\/mandarabeach.com\/fr\/location-appartement\/fare-de-la-vahine\/\">Far\u00e9 de La Vahin\u00e9<\/a><\/h2><div class=\"fusion-content-sep sep-none\" style=\"border-color:var(--awb-color3);\"><\/div><div class=\"fusion-post-content\"><p>Appartement de 39\u202fm\u00b2 avec deux chambres et deux terrasses privatives. Id\u00e9al pour 4 personnes, il offre une cuisine \u00e9quip\u00e9e, climatisation, Wi-Fi et baignoire. \u00c0 deux pas des plages et du centre de Juan-les-Pins.<\/p><\/div><\/div><\/div><\/article><article id=\"portfolio-1-post-384\" class=\"fusion-portfolio-post location-2-pieces location-antibes location-appartement fusion-col-spacing post-384\"><div class=\"fusion-portfolio-content-wrapper\" style=\"border:1px solid var(--awb-color2);border-bottom-width:3px;background-color:rgba(255,255,255,0);\"><span class=\"vcard rich-snippet-hidden\"><span class=\"fn\"><a href=\"https:\/\/mandarabeach.com\/fr\/author\/mandara-beach\/\" title=\"Articles par Mandara Beach\" rel=\"author\">Mandara Beach<\/a><\/span><\/span><span class=\"updated rich-snippet-hidden\">2025-12-04T14:02:49+01:00<\/span><div  class=\"fusion-image-wrapper\" aria-haspopup=\"true\">\n\t\t\t\t<img decoding=\"async\" width=\"1618\" height=\"1080\" src=\"https:\/\/mandarabeach.com\/wp-content\/uploads\/2025\/05\/vacances-famille-antibes-mandara-beach-salon-confortable.jpeg.jpg\" class=\"attachment-full size-full wp-post-image\" alt=\"\" srcset=\"https:\/\/mandarabeach.com\/wp-content\/uploads\/2025\/05\/vacances-famille-antibes-mandara-beach-salon-confortable.jpeg-200x133.jpg 200w, https:\/\/mandarabeach.com\/wp-content\/uploads\/2025\/05\/vacances-famille-antibes-mandara-beach-salon-confortable.jpeg-400x267.jpg 400w, https:\/\/mandarabeach.com\/wp-content\/uploads\/2025\/05\/vacances-famille-antibes-mandara-beach-salon-confortable.jpeg-600x400.jpg 600w, https:\/\/mandarabeach.com\/wp-content\/uploads\/2025\/05\/vacances-famille-antibes-mandara-beach-salon-confortable.jpeg-800x534.jpg 800w, https:\/\/mandarabeach.com\/wp-content\/uploads\/2025\/05\/vacances-famille-antibes-mandara-beach-salon-confortable.jpeg-1200x801.jpg 1200w, https:\/\/mandarabeach.com\/wp-content\/uploads\/2025\/05\/vacances-famille-antibes-mandara-beach-salon-confortable.jpeg.jpg 1618w\" sizes=\"(min-width: 2200px) 100vw, (min-width: 712px) 585px, (min-width: 640px) 712px, \" \/><div class=\"fusion-rollover\">\n\t<div class=\"fusion-rollover-content\">\n\n\t\t\t\t\t\t\t\t\t\t\t\t\t\t<a class=\"fusion-rollover-link\" href=\"https:\/\/mandarabeach.com\/fr\/location-appartement\/la-bohemienne-du-mandara\/\">La Boh\u00e9mienne du Mandara<\/a>\n\t\t\t\n\t\t\t\t\t\t\t\t\n\t\t\n\t\t\t\t\t\t\t\t\t\t\t\t<h4 class=\"fusion-rollover-title\">\n\t\t\t\t\t<a class=\"fusion-rollover-title-link\" href=\"https:\/\/mandarabeach.com\/fr\/location-appartement\/la-bohemienne-du-mandara\/\">\n\t\t\t\t\t\tLa Boh\u00e9mienne du Mandara\t\t\t\t\t<\/a>\n\t\t\t\t<\/h4>\n\t\t\t\n\t\t\t\t\t\t\t\t\t\t<div class=\"fusion-rollover-categories\"><a href=\"https:\/\/mandarabeach.com\/fr\/portfolio_cat\u00e9gories\/location-2-pieces\/\" rel=\"tag\">Location 2 pi\u00e8ces<\/a>, <a href=\"https:\/\/mandarabeach.com\/fr\/portfolio_cat\u00e9gories\/location-antibes\/\" rel=\"tag\">Location Antibes<\/a>, <a href=\"https:\/\/mandarabeach.com\/fr\/portfolio_cat\u00e9gories\/location-appartement\/\" rel=\"tag\">Location appartement<\/a><\/div>\t\t\t\t\t\n\t\t\n\t\t\t\t\t\t<a class=\"fusion-link-wrapper\" href=\"https:\/\/mandarabeach.com\/fr\/location-appartement\/la-bohemienne-du-mandara\/\" aria-label=\"La Boh\u00e9mienne du Mandara\"><\/a>\n\t<\/div>\n<\/div>\n<\/div>\n<div class=\"fusion-portfolio-content\" style=\"background-color:rgba(255,255,255,0);\"><h2 class=\"entry-title fusion-post-title\"><a href=\"https:\/\/mandarabeach.com\/fr\/location-appartement\/la-bohemienne-du-mandara\/\">La Boh\u00e9mienne du Mandara<\/a><\/h2><div class=\"fusion-content-sep sep-none\" style=\"border-color:var(--awb-color3);\"><\/div><div class=\"fusion-post-content\"><p>Appartement lumineux de 41\u202fm\u00b2 en rez-de-jardin avec terrasse priv\u00e9e, id\u00e9al pour 4 personnes. Situ\u00e9 dans un quartier calme \u00e0 10\u202fmin \u00e0 pied des plages de Juan-les-Pins, il offre un s\u00e9jour confortable avec cuisine \u00e9quip\u00e9e, climatisation et acc\u00e8s Wi-Fi.<\/p><\/div><\/div><\/div><\/article><article id=\"portfolio-1-post-278\" class=\"fusion-portfolio-post location-antibes locations-3-pieces fusion-col-spacing post-278\"><div class=\"fusion-portfolio-content-wrapper\" style=\"border:1px solid var(--awb-color2);border-bottom-width:3px;background-color:rgba(255,255,255,0);\"><span class=\"vcard rich-snippet-hidden\"><span class=\"fn\"><a href=\"https:\/\/mandarabeach.com\/fr\/author\/mandara-beach\/\" title=\"Articles par Mandara Beach\" rel=\"author\">Mandara Beach<\/a><\/span><\/span><span class=\"updated rich-snippet-hidden\">2025-12-05T14:02:15+01:00<\/span><div  class=\"fusion-image-wrapper\" aria-haspopup=\"true\">\n\t\t\t\t<img decoding=\"async\" width=\"1920\" height=\"1000\" src=\"https:\/\/mandarabeach.com\/wp-content\/uploads\/2025\/04\/image-La-Cabane-Bambou-Antibes.jpg\" class=\"attachment-full size-full wp-post-image\" alt=\"\" srcset=\"https:\/\/mandarabeach.com\/wp-content\/uploads\/2025\/04\/image-La-Cabane-Bambou-Antibes-200x104.jpg 200w, https:\/\/mandarabeach.com\/wp-content\/uploads\/2025\/04\/image-La-Cabane-Bambou-Antibes-400x208.jpg 400w, https:\/\/mandarabeach.com\/wp-content\/uploads\/2025\/04\/image-La-Cabane-Bambou-Antibes-600x313.jpg 600w, https:\/\/mandarabeach.com\/wp-content\/uploads\/2025\/04\/image-La-Cabane-Bambou-Antibes-800x417.jpg 800w, https:\/\/mandarabeach.com\/wp-content\/uploads\/2025\/04\/image-La-Cabane-Bambou-Antibes-1200x625.jpg 1200w, https:\/\/mandarabeach.com\/wp-content\/uploads\/2025\/04\/image-La-Cabane-Bambou-Antibes.jpg 1920w\" sizes=\"(min-width: 2200px) 100vw, (min-width: 712px) 585px, (min-width: 640px) 712px, \" \/><div class=\"fusion-rollover\">\n\t<div class=\"fusion-rollover-content\">\n\n\t\t\t\t\t\t\t\t\t\t\t\t\t\t<a class=\"fusion-rollover-link\" href=\"https:\/\/mandarabeach.com\/fr\/location-appartement\/la-cabane-bambou\/\">La Cabane Bambou<\/a>\n\t\t\t\n\t\t\t\t\t\t\t\t\n\t\t\n\t\t\t\t\t\t\t\t\t\t\t\t<h4 class=\"fusion-rollover-title\">\n\t\t\t\t\t<a class=\"fusion-rollover-title-link\" href=\"https:\/\/mandarabeach.com\/fr\/location-appartement\/la-cabane-bambou\/\">\n\t\t\t\t\t\tLa Cabane Bambou\t\t\t\t\t<\/a>\n\t\t\t\t<\/h4>\n\t\t\t\n\t\t\t\t\t\t\t\t\t\t<div class=\"fusion-rollover-categories\"><a href=\"https:\/\/mandarabeach.com\/fr\/portfolio_cat\u00e9gories\/location-antibes\/\" rel=\"tag\">Location Antibes<\/a>, <a href=\"https:\/\/mandarabeach.com\/fr\/portfolio_cat\u00e9gories\/locations-3-pieces\/\" rel=\"tag\">Locations 3 pi\u00e8ces<\/a><\/div>\t\t\t\t\t\n\t\t\n\t\t\t\t\t\t<a class=\"fusion-link-wrapper\" href=\"https:\/\/mandarabeach.com\/fr\/location-appartement\/la-cabane-bambou\/\" aria-label=\"La Cabane Bambou\"><\/a>\n\t<\/div>\n<\/div>\n<\/div>\n<div class=\"fusion-portfolio-content\" style=\"background-color:rgba(255,255,255,0);\"><h2 class=\"entry-title fusion-post-title\"><a href=\"https:\/\/mandarabeach.com\/fr\/location-appartement\/la-cabane-bambou\/\">La Cabane Bambou<\/a><\/h2><div class=\"fusion-content-sep sep-none\" style=\"border-color:var(--awb-color3);\"><\/div><div class=\"fusion-post-content\"><p>Appartement de 55\u202fm\u00b2 avec deux chambres, terrasse et jardin priv\u00e9. Parfait pour les familles, il dispose d'une cuisine \u00e9quip\u00e9e, climatisation et Wi-Fi. \u00c0 proximit\u00e9 des plages et des commerces de Juan-les-Pins.<\/p><\/div><\/div><\/div><\/article><article id=\"portfolio-1-post-386\" class=\"fusion-portfolio-post location-2-pieces location-antibes location-appartement fusion-col-spacing post-386\"><div class=\"fusion-portfolio-content-wrapper\" style=\"border:1px solid var(--awb-color2);border-bottom-width:3px;background-color:rgba(255,255,255,0);\"><span class=\"vcard rich-snippet-hidden\"><span class=\"fn\"><a href=\"https:\/\/mandarabeach.com\/fr\/author\/mandara-beach\/\" title=\"Articles par Mandara Beach\" rel=\"author\">Mandara Beach<\/a><\/span><\/span><span class=\"updated rich-snippet-hidden\">2025-12-05T14:12:28+01:00<\/span><div  class=\"fusion-image-wrapper\" aria-haspopup=\"true\">\n\t\t\t\t<img decoding=\"async\" width=\"1920\" height=\"1058\" src=\"https:\/\/mandarabeach.com\/wp-content\/uploads\/2025\/05\/La-Caravane-du-Touareg.jpg\" class=\"attachment-full size-full wp-post-image\" alt=\"\" srcset=\"https:\/\/mandarabeach.com\/wp-content\/uploads\/2025\/05\/La-Caravane-du-Touareg-200x110.jpg 200w, https:\/\/mandarabeach.com\/wp-content\/uploads\/2025\/05\/La-Caravane-du-Touareg-400x220.jpg 400w, https:\/\/mandarabeach.com\/wp-content\/uploads\/2025\/05\/La-Caravane-du-Touareg-600x331.jpg 600w, https:\/\/mandarabeach.com\/wp-content\/uploads\/2025\/05\/La-Caravane-du-Touareg-800x441.jpg 800w, https:\/\/mandarabeach.com\/wp-content\/uploads\/2025\/05\/La-Caravane-du-Touareg-1200x661.jpg 1200w, https:\/\/mandarabeach.com\/wp-content\/uploads\/2025\/05\/La-Caravane-du-Touareg.jpg 1920w\" sizes=\"(min-width: 2200px) 100vw, (min-width: 712px) 585px, (min-width: 640px) 712px, \" \/><div class=\"fusion-rollover\">\n\t<div class=\"fusion-rollover-content\">\n\n\t\t\t\t\t\t\t\t\t\t\t\t\t\t<a class=\"fusion-rollover-link\" href=\"https:\/\/mandarabeach.com\/fr\/location-appartement\/la-caravane-du-touareg\/\">La Caravane du Touareg<\/a>\n\t\t\t\n\t\t\t\t\t\t\t\t\n\t\t\n\t\t\t\t\t\t\t\t\t\t\t\t<h4 class=\"fusion-rollover-title\">\n\t\t\t\t\t<a class=\"fusion-rollover-title-link\" href=\"https:\/\/mandarabeach.com\/fr\/location-appartement\/la-caravane-du-touareg\/\">\n\t\t\t\t\t\tLa Caravane du Touareg\t\t\t\t\t<\/a>\n\t\t\t\t<\/h4>\n\t\t\t\n\t\t\t\t\t\t\t\t\t\t<div class=\"fusion-rollover-categories\"><a href=\"https:\/\/mandarabeach.com\/fr\/portfolio_cat\u00e9gories\/location-2-pieces\/\" rel=\"tag\">Location 2 pi\u00e8ces<\/a>, <a href=\"https:\/\/mandarabeach.com\/fr\/portfolio_cat\u00e9gories\/location-antibes\/\" rel=\"tag\">Location Antibes<\/a>, <a href=\"https:\/\/mandarabeach.com\/fr\/portfolio_cat\u00e9gories\/location-appartement\/\" rel=\"tag\">Location appartement<\/a><\/div>\t\t\t\t\t\n\t\t\n\t\t\t\t\t\t<a class=\"fusion-link-wrapper\" href=\"https:\/\/mandarabeach.com\/fr\/location-appartement\/la-caravane-du-touareg\/\" aria-label=\"La Caravane du Touareg\"><\/a>\n\t<\/div>\n<\/div>\n<\/div>\n<div class=\"fusion-portfolio-content\" style=\"background-color:rgba(255,255,255,0);\"><h2 class=\"entry-title fusion-post-title\"><a href=\"https:\/\/mandarabeach.com\/fr\/location-appartement\/la-caravane-du-touareg\/\">La Caravane du Touareg<\/a><\/h2><div class=\"fusion-content-sep sep-none\" style=\"border-color:var(--awb-color3);\"><\/div><div class=\"fusion-post-content\"><p>Studio de 30\u202fm\u00b2 au style oriental, pouvant accueillir 4 personnes. Situ\u00e9 \u00e0 10\u202fmin \u00e0 pied des plages, il offre une cuisine \u00e9quip\u00e9e, climatisation et Wi-Fi. Parfait pour un s\u00e9jour d\u00e9paysant \u00e0 Juan-les-Pins.<\/p><\/div><\/div><\/div><\/article><article id=\"portfolio-1-post-388\" class=\"fusion-portfolio-post location-antibes location-appartement location-studio fusion-col-spacing post-388\"><div class=\"fusion-portfolio-content-wrapper\" style=\"border:1px solid var(--awb-color2);border-bottom-width:3px;background-color:rgba(255,255,255,0);\"><span class=\"vcard rich-snippet-hidden\"><span class=\"fn\"><a href=\"https:\/\/mandarabeach.com\/fr\/author\/mandara-beach\/\" title=\"Articles par Mandara Beach\" rel=\"author\">Mandara Beach<\/a><\/span><\/span><span class=\"updated rich-snippet-hidden\">2025-12-05T14:40:30+01:00<\/span><div  class=\"fusion-image-wrapper\" aria-haspopup=\"true\">\n\t\t\t\t<img decoding=\"async\" width=\"1920\" height=\"1058\" src=\"https:\/\/mandarabeach.com\/wp-content\/uploads\/2025\/05\/La-Jungle-Suite.jpg\" class=\"attachment-full size-full wp-post-image\" alt=\"\" srcset=\"https:\/\/mandarabeach.com\/wp-content\/uploads\/2025\/05\/La-Jungle-Suite-200x110.jpg 200w, https:\/\/mandarabeach.com\/wp-content\/uploads\/2025\/05\/La-Jungle-Suite-400x220.jpg 400w, https:\/\/mandarabeach.com\/wp-content\/uploads\/2025\/05\/La-Jungle-Suite-600x331.jpg 600w, https:\/\/mandarabeach.com\/wp-content\/uploads\/2025\/05\/La-Jungle-Suite-800x441.jpg 800w, https:\/\/mandarabeach.com\/wp-content\/uploads\/2025\/05\/La-Jungle-Suite-1200x661.jpg 1200w, https:\/\/mandarabeach.com\/wp-content\/uploads\/2025\/05\/La-Jungle-Suite.jpg 1920w\" sizes=\"(min-width: 2200px) 100vw, (min-width: 712px) 585px, (min-width: 640px) 712px, \" \/><div class=\"fusion-rollover\">\n\t<div class=\"fusion-rollover-content\">\n\n\t\t\t\t\t\t\t\t\t\t\t\t\t\t<a class=\"fusion-rollover-link\" href=\"https:\/\/mandarabeach.com\/fr\/location-appartement\/la-jungle-suite\/\">La Jungle Suite<\/a>\n\t\t\t\n\t\t\t\t\t\t\t\t\n\t\t\n\t\t\t\t\t\t\t\t\t\t\t\t<h4 class=\"fusion-rollover-title\">\n\t\t\t\t\t<a class=\"fusion-rollover-title-link\" href=\"https:\/\/mandarabeach.com\/fr\/location-appartement\/la-jungle-suite\/\">\n\t\t\t\t\t\tLa Jungle Suite\t\t\t\t\t<\/a>\n\t\t\t\t<\/h4>\n\t\t\t\n\t\t\t\t\t\t\t\t\t\t<div class=\"fusion-rollover-categories\"><a href=\"https:\/\/mandarabeach.com\/fr\/portfolio_cat\u00e9gories\/location-antibes\/\" rel=\"tag\">Location Antibes<\/a>, <a href=\"https:\/\/mandarabeach.com\/fr\/portfolio_cat\u00e9gories\/location-appartement\/\" rel=\"tag\">Location appartement<\/a>, <a href=\"https:\/\/mandarabeach.com\/fr\/portfolio_cat\u00e9gories\/location-studio\/\" rel=\"tag\">Location studio<\/a><\/div>\t\t\t\t\t\n\t\t\n\t\t\t\t\t\t<a class=\"fusion-link-wrapper\" href=\"https:\/\/mandarabeach.com\/fr\/location-appartement\/la-jungle-suite\/\" aria-label=\"La Jungle Suite\"><\/a>\n\t<\/div>\n<\/div>\n<\/div>\n<div class=\"fusion-portfolio-content\" style=\"background-color:rgba(255,255,255,0);\"><h2 class=\"entry-title fusion-post-title\"><a href=\"https:\/\/mandarabeach.com\/fr\/location-appartement\/la-jungle-suite\/\">La Jungle Suite<\/a><\/h2><div class=\"fusion-content-sep sep-none\" style=\"border-color:var(--awb-color3);\"><\/div><div class=\"fusion-post-content\"><p>Studio de 21\u202fm\u00b2 au style jungle chic, id\u00e9al pour 2 personnes. \u00c0 9\u202fmin \u00e0 pied des plages, il dispose d'une cuisine \u00e9quip\u00e9e, climatisation et Wi-Fi. Parfait pour un s\u00e9jour original \u00e0 Juan-les-Pins.<\/p><\/div><\/div><\/div><\/article><article id=\"portfolio-1-post-390\" class=\"fusion-portfolio-post location-antibes location-appartement location-studio fusion-col-spacing post-390\"><div class=\"fusion-portfolio-content-wrapper\" style=\"border:1px solid var(--awb-color2);border-bottom-width:3px;background-color:rgba(255,255,255,0);\"><span class=\"vcard rich-snippet-hidden\"><span class=\"fn\"><a href=\"https:\/\/mandarabeach.com\/fr\/author\/mandara-beach\/\" title=\"Articles par Mandara Beach\" rel=\"author\">Mandara Beach<\/a><\/span><\/span><span class=\"updated rich-snippet-hidden\">2025-12-05T14:43:48+01:00<\/span><div  class=\"fusion-image-wrapper\" aria-haspopup=\"true\">\n\t\t\t\t<img decoding=\"async\" width=\"1920\" height=\"1058\" src=\"https:\/\/mandarabeach.com\/wp-content\/uploads\/2025\/05\/La-Roulotte-du-Tzigane.jpg\" class=\"attachment-full size-full wp-post-image\" alt=\"\" srcset=\"https:\/\/mandarabeach.com\/wp-content\/uploads\/2025\/05\/La-Roulotte-du-Tzigane-200x110.jpg 200w, https:\/\/mandarabeach.com\/wp-content\/uploads\/2025\/05\/La-Roulotte-du-Tzigane-400x220.jpg 400w, https:\/\/mandarabeach.com\/wp-content\/uploads\/2025\/05\/La-Roulotte-du-Tzigane-600x331.jpg 600w, https:\/\/mandarabeach.com\/wp-content\/uploads\/2025\/05\/La-Roulotte-du-Tzigane-800x441.jpg 800w, https:\/\/mandarabeach.com\/wp-content\/uploads\/2025\/05\/La-Roulotte-du-Tzigane-1200x661.jpg 1200w, https:\/\/mandarabeach.com\/wp-content\/uploads\/2025\/05\/La-Roulotte-du-Tzigane.jpg 1920w\" sizes=\"(min-width: 2200px) 100vw, (min-width: 712px) 585px, (min-width: 640px) 712px, \" \/><div class=\"fusion-rollover\">\n\t<div class=\"fusion-rollover-content\">\n\n\t\t\t\t\t\t\t\t\t\t\t\t\t\t<a class=\"fusion-rollover-link\" href=\"https:\/\/mandarabeach.com\/fr\/location-appartement\/la-roulotte-du-tzigane\/\">La Roulotte du Tzigane<\/a>\n\t\t\t\n\t\t\t\t\t\t\t\t\n\t\t\n\t\t\t\t\t\t\t\t\t\t\t\t<h4 class=\"fusion-rollover-title\">\n\t\t\t\t\t<a class=\"fusion-rollover-title-link\" href=\"https:\/\/mandarabeach.com\/fr\/location-appartement\/la-roulotte-du-tzigane\/\">\n\t\t\t\t\t\tLa Roulotte du Tzigane\t\t\t\t\t<\/a>\n\t\t\t\t<\/h4>\n\t\t\t\n\t\t\t\t\t\t\t\t\t\t<div class=\"fusion-rollover-categories\"><a href=\"https:\/\/mandarabeach.com\/fr\/portfolio_cat\u00e9gories\/location-antibes\/\" rel=\"tag\">Location Antibes<\/a>, <a href=\"https:\/\/mandarabeach.com\/fr\/portfolio_cat\u00e9gories\/location-appartement\/\" rel=\"tag\">Location appartement<\/a>, <a href=\"https:\/\/mandarabeach.com\/fr\/portfolio_cat\u00e9gories\/location-studio\/\" rel=\"tag\">Location studio<\/a><\/div>\t\t\t\t\t\n\t\t\n\t\t\t\t\t\t<a class=\"fusion-link-wrapper\" href=\"https:\/\/mandarabeach.com\/fr\/location-appartement\/la-roulotte-du-tzigane\/\" aria-label=\"La Roulotte du Tzigane\"><\/a>\n\t<\/div>\n<\/div>\n<\/div>\n<div class=\"fusion-portfolio-content\" style=\"background-color:rgba(255,255,255,0);\"><h2 class=\"entry-title fusion-post-title\"><a href=\"https:\/\/mandarabeach.com\/fr\/location-appartement\/la-roulotte-du-tzigane\/\">La Roulotte du Tzigane<\/a><\/h2><div class=\"fusion-content-sep sep-none\" style=\"border-color:var(--awb-color3);\"><\/div><div class=\"fusion-post-content\"><p>Studio de 30\u202fm\u00b2 d\u00e9cor\u00e9 dans un esprit gipsy, avec terrasse ext\u00e9rieure. \u00c0 10\u202fmin \u00e0 pied des plages, il offre une cuisine \u00e9quip\u00e9e, climatisation et Wi-Fi. Id\u00e9al pour un s\u00e9jour romantique \u00e0 Juan-les-Pins.<\/p><\/div><\/div><\/div><\/article><article id=\"portfolio-1-post-2191\" class=\"fusion-portfolio-post location-antibes location-appartement locations-3-pieces fusion-col-spacing post-2191\"><div class=\"fusion-portfolio-content-wrapper\" style=\"border:1px solid var(--awb-color2);border-bottom-width:3px;background-color:rgba(255,255,255,0);\"><span class=\"vcard rich-snippet-hidden\"><span class=\"fn\"><a href=\"https:\/\/mandarabeach.com\/fr\/author\/mandara-beach\/\" title=\"Articles par Mandara Beach\" rel=\"author\">Mandara Beach<\/a><\/span><\/span><span class=\"updated rich-snippet-hidden\">2025-12-05T15:00:24+01:00<\/span><div  class=\"fusion-image-wrapper\" aria-haspopup=\"true\">\n\t\t\t\t<img decoding=\"async\" width=\"1920\" height=\"1281\" src=\"https:\/\/mandarabeach.com\/wp-content\/uploads\/2025\/08\/appartement-terrasse-mandara-beach-le-cocoon-balinais-2.webp\" class=\"attachment-full size-full wp-post-image\" alt=\"\" srcset=\"https:\/\/mandarabeach.com\/wp-content\/uploads\/2025\/08\/appartement-terrasse-mandara-beach-le-cocoon-balinais-2-200x133.webp 200w, https:\/\/mandarabeach.com\/wp-content\/uploads\/2025\/08\/appartement-terrasse-mandara-beach-le-cocoon-balinais-2-400x267.webp 400w, https:\/\/mandarabeach.com\/wp-content\/uploads\/2025\/08\/appartement-terrasse-mandara-beach-le-cocoon-balinais-2-600x400.webp 600w, https:\/\/mandarabeach.com\/wp-content\/uploads\/2025\/08\/appartement-terrasse-mandara-beach-le-cocoon-balinais-2-800x534.webp 800w, https:\/\/mandarabeach.com\/wp-content\/uploads\/2025\/08\/appartement-terrasse-mandara-beach-le-cocoon-balinais-2-1200x801.webp 1200w, https:\/\/mandarabeach.com\/wp-content\/uploads\/2025\/08\/appartement-terrasse-mandara-beach-le-cocoon-balinais-2.webp 1920w\" sizes=\"(min-width: 2200px) 100vw, (min-width: 712px) 585px, (min-width: 640px) 712px, \" \/><div class=\"fusion-rollover\">\n\t<div class=\"fusion-rollover-content\">\n\n\t\t\t\t\t\t\t\t\t\t\t\t\t\t<a class=\"fusion-rollover-link\" href=\"https:\/\/mandarabeach.com\/fr\/location-appartement\/le-cocoon-balinais\/\">Le Cocoon Balinais<\/a>\n\t\t\t\n\t\t\t\t\t\t\t\t\n\t\t\n\t\t\t\t\t\t\t\t\t\t\t\t<h4 class=\"fusion-rollover-title\">\n\t\t\t\t\t<a class=\"fusion-rollover-title-link\" href=\"https:\/\/mandarabeach.com\/fr\/location-appartement\/le-cocoon-balinais\/\">\n\t\t\t\t\t\tLe Cocoon Balinais\t\t\t\t\t<\/a>\n\t\t\t\t<\/h4>\n\t\t\t\n\t\t\t\t\t\t\t\t\t\t<div class=\"fusion-rollover-categories\"><a href=\"https:\/\/mandarabeach.com\/fr\/portfolio_cat\u00e9gories\/location-antibes\/\" rel=\"tag\">Location Antibes<\/a>, <a href=\"https:\/\/mandarabeach.com\/fr\/portfolio_cat\u00e9gories\/location-appartement\/\" rel=\"tag\">Location appartement<\/a>, <a href=\"https:\/\/mandarabeach.com\/fr\/portfolio_cat\u00e9gories\/locations-3-pieces\/\" rel=\"tag\">Locations 3 pi\u00e8ces<\/a><\/div>\t\t\t\t\t\n\t\t\n\t\t\t\t\t\t<a class=\"fusion-link-wrapper\" href=\"https:\/\/mandarabeach.com\/fr\/location-appartement\/le-cocoon-balinais\/\" aria-label=\"Le Cocoon Balinais\"><\/a>\n\t<\/div>\n<\/div>\n<\/div>\n<div class=\"fusion-portfolio-content\" style=\"background-color:rgba(255,255,255,0);\"><h2 class=\"entry-title fusion-post-title\"><a href=\"https:\/\/mandarabeach.com\/fr\/location-appartement\/le-cocoon-balinais\/\">Le Cocoon Balinais<\/a><\/h2><div class=\"fusion-content-sep sep-none\" style=\"border-color:var(--awb-color3);\"><\/div><div class=\"fusion-post-content\"><p>Appartement de 39\u202fm\u00b2 avec deux chambres et deux terrasses privatives. Id\u00e9al pour 4 personnes, il offre une cuisine \u00e9quip\u00e9e, climatisation, Wi-Fi et baignoire. \u00c0 deux pas des plages et du centre de Juan-les-Pins.<\/p><\/div><\/div><\/div><\/article><article id=\"portfolio-1-post-392\" class=\"fusion-portfolio-post location-antibes location-appartement location-studio fusion-col-spacing post-392\"><div class=\"fusion-portfolio-content-wrapper\" style=\"border:1px solid var(--awb-color2);border-bottom-width:3px;background-color:rgba(255,255,255,0);\"><span class=\"vcard rich-snippet-hidden\"><span class=\"fn\"><a href=\"https:\/\/mandarabeach.com\/fr\/author\/mandara-beach\/\" title=\"Articles par Mandara Beach\" rel=\"author\">Mandara Beach<\/a><\/span><\/span><span class=\"updated rich-snippet-hidden\">2025-12-05T14:48:56+01:00<\/span><div  class=\"fusion-image-wrapper\" aria-haspopup=\"true\">\n\t\t\t\t<img decoding=\"async\" width=\"273\" height=\"375\" src=\"https:\/\/mandarabeach.com\/wp-content\/uploads\/2025\/05\/Le-Nid-dAmour.jpg\" class=\"attachment-full size-full wp-post-image\" alt=\"\" srcset=\"https:\/\/mandarabeach.com\/wp-content\/uploads\/2025\/05\/Le-Nid-dAmour-200x275.jpg 200w, https:\/\/mandarabeach.com\/wp-content\/uploads\/2025\/05\/Le-Nid-dAmour.jpg 273w\" sizes=\"(min-width: 2200px) 100vw, (min-width: 712px) 585px, (min-width: 640px) 712px, \" \/><div class=\"fusion-rollover\">\n\t<div class=\"fusion-rollover-content\">\n\n\t\t\t\t\t\t\t\t\t\t\t\t\t\t<a class=\"fusion-rollover-link\" href=\"https:\/\/mandarabeach.com\/fr\/location-appartement\/le-nid-damour\/\">Le Nid d&rsquo;Amour<\/a>\n\t\t\t\n\t\t\t\t\t\t\t\t\n\t\t\n\t\t\t\t\t\t\t\t\t\t\t\t<h4 class=\"fusion-rollover-title\">\n\t\t\t\t\t<a class=\"fusion-rollover-title-link\" href=\"https:\/\/mandarabeach.com\/fr\/location-appartement\/le-nid-damour\/\">\n\t\t\t\t\t\tLe Nid d&rsquo;Amour\t\t\t\t\t<\/a>\n\t\t\t\t<\/h4>\n\t\t\t\n\t\t\t\t\t\t\t\t\t\t<div class=\"fusion-rollover-categories\"><a href=\"https:\/\/mandarabeach.com\/fr\/portfolio_cat\u00e9gories\/location-antibes\/\" rel=\"tag\">Location Antibes<\/a>, <a href=\"https:\/\/mandarabeach.com\/fr\/portfolio_cat\u00e9gories\/location-appartement\/\" rel=\"tag\">Location appartement<\/a>, <a href=\"https:\/\/mandarabeach.com\/fr\/portfolio_cat\u00e9gories\/location-studio\/\" rel=\"tag\">Location studio<\/a><\/div>\t\t\t\t\t\n\t\t\n\t\t\t\t\t\t<a class=\"fusion-link-wrapper\" href=\"https:\/\/mandarabeach.com\/fr\/location-appartement\/le-nid-damour\/\" aria-label=\"Le Nid d&rsquo;Amour\"><\/a>\n\t<\/div>\n<\/div>\n<\/div>\n<div class=\"fusion-portfolio-content\" style=\"background-color:rgba(255,255,255,0);\"><h2 class=\"entry-title fusion-post-title\"><a href=\"https:\/\/mandarabeach.com\/fr\/location-appartement\/le-nid-damour\/\">Le Nid d&rsquo;Amour<\/a><\/h2><div class=\"fusion-content-sep sep-none\" style=\"border-color:var(--awb-color3);\"><\/div><div class=\"fusion-post-content\"><p>Studio romantique de 26\u202fm\u00b2 au dernier \u00e9tage avec terrasse priv\u00e9e sans vis-\u00e0-vis. Id\u00e9al pour un s\u00e9jour en couple, il offre une vue d\u00e9gag\u00e9e, une d\u00e9coration chic et \u00e9pur\u00e9e, et se situe \u00e0 10\u202fmin \u00e0 pied des plages de Juan-les-Pins.<\/p><\/div><\/div><\/div><\/article><article id=\"portfolio-1-post-394\" class=\"fusion-portfolio-post location-antibes location-appartement location-studio fusion-col-spacing post-394\"><div class=\"fusion-portfolio-content-wrapper\" style=\"border:1px solid var(--awb-color2);border-bottom-width:3px;background-color:rgba(255,255,255,0);\"><span class=\"vcard rich-snippet-hidden\"><span class=\"fn\"><a href=\"https:\/\/mandarabeach.com\/fr\/author\/mandara-beach\/\" title=\"Articles par Mandara Beach\" rel=\"author\">Mandara Beach<\/a><\/span><\/span><span class=\"updated rich-snippet-hidden\">2025-12-05T14:53:59+01:00<\/span><div  class=\"fusion-image-wrapper\" aria-haspopup=\"true\">\n\t\t\t\t<img decoding=\"async\" width=\"1349\" height=\"900\" src=\"https:\/\/mandarabeach.com\/wp-content\/uploads\/2025\/04\/image-presentation-de-la-residence.jpeg\" class=\"attachment-full size-full wp-post-image\" alt=\"\" srcset=\"https:\/\/mandarabeach.com\/wp-content\/uploads\/2025\/04\/image-presentation-de-la-residence-200x133.jpeg 200w, https:\/\/mandarabeach.com\/wp-content\/uploads\/2025\/04\/image-presentation-de-la-residence-400x267.jpeg 400w, https:\/\/mandarabeach.com\/wp-content\/uploads\/2025\/04\/image-presentation-de-la-residence-600x400.jpeg 600w, https:\/\/mandarabeach.com\/wp-content\/uploads\/2025\/04\/image-presentation-de-la-residence-800x534.jpeg 800w, https:\/\/mandarabeach.com\/wp-content\/uploads\/2025\/04\/image-presentation-de-la-residence-1200x801.jpeg 1200w, https:\/\/mandarabeach.com\/wp-content\/uploads\/2025\/04\/image-presentation-de-la-residence.jpeg 1349w\" sizes=\"(min-width: 2200px) 100vw, (min-width: 712px) 585px, (min-width: 640px) 712px, \" \/><div class=\"fusion-rollover\">\n\t<div class=\"fusion-rollover-content\">\n\n\t\t\t\t\t\t\t\t\t\t\t\t\t\t<a class=\"fusion-rollover-link\" href=\"https:\/\/mandarabeach.com\/fr\/location-appartement\/mandara-beach-bungalow\/\">Mandara Beach Bungalow<\/a>\n\t\t\t\n\t\t\t\t\t\t\t\t\n\t\t\n\t\t\t\t\t\t\t\t\t\t\t\t<h4 class=\"fusion-rollover-title\">\n\t\t\t\t\t<a class=\"fusion-rollover-title-link\" href=\"https:\/\/mandarabeach.com\/fr\/location-appartement\/mandara-beach-bungalow\/\">\n\t\t\t\t\t\tMandara Beach Bungalow\t\t\t\t\t<\/a>\n\t\t\t\t<\/h4>\n\t\t\t\n\t\t\t\t\t\t\t\t\t\t<div class=\"fusion-rollover-categories\"><a href=\"https:\/\/mandarabeach.com\/fr\/portfolio_cat\u00e9gories\/location-antibes\/\" rel=\"tag\">Location Antibes<\/a>, <a href=\"https:\/\/mandarabeach.com\/fr\/portfolio_cat\u00e9gories\/location-appartement\/\" rel=\"tag\">Location appartement<\/a>, <a href=\"https:\/\/mandarabeach.com\/fr\/portfolio_cat\u00e9gories\/location-studio\/\" rel=\"tag\">Location studio<\/a><\/div>\t\t\t\t\t\n\t\t\n\t\t\t\t\t\t<a class=\"fusion-link-wrapper\" href=\"https:\/\/mandarabeach.com\/fr\/location-appartement\/mandara-beach-bungalow\/\" aria-label=\"Mandara Beach Bungalow\"><\/a>\n\t<\/div>\n<\/div>\n<\/div>\n<div class=\"fusion-portfolio-content\" style=\"background-color:rgba(255,255,255,0);\"><h2 class=\"entry-title fusion-post-title\"><a href=\"https:\/\/mandarabeach.com\/fr\/location-appartement\/mandara-beach-bungalow\/\">Mandara Beach Bungalow<\/a><\/h2><div class=\"fusion-content-sep sep-none\" style=\"border-color:var(--awb-color3);\"><\/div><div class=\"fusion-post-content\"><p>Studio lumineux de 22\u202fm\u00b2 au 1er \u00e9tage, d\u00e9cor\u00e9 dans un style marin avec des tons bleus et bois clairs. Parfait pour les \u00e9tudiants ou professionnels, il est situ\u00e9 \u00e0 6\u202fmin \u00e0 pied des plages et dispose d'une cuisine \u00e9quip\u00e9e, climatisation et Wi-Fi.<\/p><\/div><\/div><\/div><\/article><article id=\"portfolio-1-post-396\" class=\"fusion-portfolio-post location-2-pieces location-antibes location-appartement fusion-col-spacing post-396\"><div class=\"fusion-portfolio-content-wrapper\" style=\"border:1px solid var(--awb-color2);border-bottom-width:3px;background-color:rgba(255,255,255,0);\"><span class=\"vcard rich-snippet-hidden\"><span class=\"fn\"><a href=\"https:\/\/mandarabeach.com\/fr\/author\/mandara-beach\/\" title=\"Articles par Mandara Beach\" rel=\"author\">Mandara Beach<\/a><\/span><\/span><span class=\"updated rich-snippet-hidden\">2025-12-05T14:57:45+01:00<\/span><div  class=\"fusion-image-wrapper\" aria-haspopup=\"true\">\n\t\t\t\t<img decoding=\"async\" width=\"500\" height=\"334\" src=\"https:\/\/mandarabeach.com\/wp-content\/uploads\/2025\/05\/Nest-in-Mandara.jpg\" class=\"attachment-full size-full wp-post-image\" alt=\"\" srcset=\"https:\/\/mandarabeach.com\/wp-content\/uploads\/2025\/05\/Nest-in-Mandara-200x134.jpg 200w, https:\/\/mandarabeach.com\/wp-content\/uploads\/2025\/05\/Nest-in-Mandara-400x267.jpg 400w, https:\/\/mandarabeach.com\/wp-content\/uploads\/2025\/05\/Nest-in-Mandara.jpg 500w\" sizes=\"(min-width: 2200px) 100vw, (min-width: 712px) 585px, (min-width: 640px) 712px, \" \/><div class=\"fusion-rollover\">\n\t<div class=\"fusion-rollover-content\">\n\n\t\t\t\t\t\t\t\t\t\t\t\t\t\t<a class=\"fusion-rollover-link\" href=\"https:\/\/mandarabeach.com\/fr\/location-appartement\/nest-in-mandara\/\">Nest in Mandara<\/a>\n\t\t\t\n\t\t\t\t\t\t\t\t\n\t\t\n\t\t\t\t\t\t\t\t\t\t\t\t<h4 class=\"fusion-rollover-title\">\n\t\t\t\t\t<a class=\"fusion-rollover-title-link\" href=\"https:\/\/mandarabeach.com\/fr\/location-appartement\/nest-in-mandara\/\">\n\t\t\t\t\t\tNest in Mandara\t\t\t\t\t<\/a>\n\t\t\t\t<\/h4>\n\t\t\t\n\t\t\t\t\t\t\t\t\t\t<div class=\"fusion-rollover-categories\"><a href=\"https:\/\/mandarabeach.com\/fr\/portfolio_cat\u00e9gories\/location-2-pieces\/\" rel=\"tag\">Location 2 pi\u00e8ces<\/a>, <a href=\"https:\/\/mandarabeach.com\/fr\/portfolio_cat\u00e9gories\/location-antibes\/\" rel=\"tag\">Location Antibes<\/a>, <a href=\"https:\/\/mandarabeach.com\/fr\/portfolio_cat\u00e9gories\/location-appartement\/\" rel=\"tag\">Location appartement<\/a><\/div>\t\t\t\t\t\n\t\t\n\t\t\t\t\t\t<a class=\"fusion-link-wrapper\" href=\"https:\/\/mandarabeach.com\/fr\/location-appartement\/nest-in-mandara\/\" aria-label=\"Nest in Mandara\"><\/a>\n\t<\/div>\n<\/div>\n<\/div>\n<div class=\"fusion-portfolio-content\" style=\"background-color:rgba(255,255,255,0);\"><h2 class=\"entry-title fusion-post-title\"><a href=\"https:\/\/mandarabeach.com\/fr\/location-appartement\/nest-in-mandara\/\">Nest in Mandara<\/a><\/h2><div class=\"fusion-content-sep sep-none\" style=\"border-color:var(--awb-color3);\"><\/div><div class=\"fusion-post-content\"><p>Appartement de 37\u202fm\u00b2 au dernier \u00e9tage avec deux terrasses offrant une vue montagne. Id\u00e9al pour 4 personnes, il comprend une chambre s\u00e9par\u00e9e, un salon spacieux, une cuisine \u00e9quip\u00e9e, climatisation et Wi-Fi. \u00c0 8\u202fmin \u00e0 pied des plages de Juan-les-Pins.<\/p><\/div><\/div><\/div><\/article><\/div><\/div><\/div><\/div><\/div><\/div><\/p>\n","protected":false},"excerpt":{"rendered":"","protected":false},"author":4,"featured_media":0,"parent":0,"menu_order":0,"comment_status":"closed","ping_status":"closed","template":"100-width.php","meta":{"footnotes":""},"class_list":["post-160","page","type-page","status-publish","hentry"],"_links":{"self":[{"href":"https:\/\/mandarabeach.com\/fr\/wp-json\/wp\/v2\/pages\/160","targetHints":{"allow":["GET"]}}],"collection":[{"href":"https:\/\/mandarabeach.com\/fr\/wp-json\/wp\/v2\/pages"}],"about":[{"href":"https:\/\/mandarabeach.com\/fr\/wp-json\/wp\/v2\/types\/page"}],"author":[{"embeddable":true,"href":"https:\/\/mandarabeach.com\/fr\/wp-json\/wp\/v2\/users\/4"}],"replies":[{"embeddable":true,"href":"https:\/\/mandarabeach.com\/fr\/wp-json\/wp\/v2\/comments?post=160"}],"version-history":[{"count":10,"href":"https:\/\/mandarabeach.com\/fr\/wp-json\/wp\/v2\/pages\/160\/revisions"}],"predecessor-version":[{"id":2159,"href":"https:\/\/mandarabeach.com\/fr\/wp-json\/wp\/v2\/pages\/160\/revisions\/2159"}],"wp:attachment":[{"href":"https:\/\/mandarabeach.com\/fr\/wp-json\/wp\/v2\/media?parent=160"}],"curies":[{"name":"wp","href":"https:\/\/api.w.org\/{rel}","templated":true}]}}